{"id":7069,"date":"2026-03-13T15:43:39","date_gmt":"2026-03-13T14:43:39","guid":{"rendered":"https:\/\/www.trullidimaya.com\/der-garten-der-seele\/"},"modified":"2026-03-13T15:43:41","modified_gmt":"2026-03-13T14:43:41","slug":"der-garten-der-seele","status":"publish","type":"page","link":"https:\/\/www.trullidimaya.com\/de\/der-garten-der-seele\/","title":{"rendered":"DER GARTEN DER SEELE"},"content":{"rendered":"<div class=\"wpb-content-wrapper\"><p>[vc_row css_animation=&#8220;&#8220; row_type=&#8220;row&#8220; use_row_as_full_screen_section=&#8220;no&#8220; type=&#8220;grid&#8220; angled_section=&#8220;no&#8220; text_align=&#8220;left&#8220; background_image_as_pattern=&#8220;without_pattern&#8220; z_index=&#8220;&#8220; css=&#8220;.vc_custom_1558355693871{margin-right: px !important;margin-left: px !important;}&#8220;][vc_column][vc_empty_space height=&#8220;40px&#8220;][vc_single_image image=&#8220;7089&#8243; img_size=&#8220;full&#8220; alignment=&#8220;center&#8220; qode_css_animation=&#8220;&#8220;][vc_empty_space height=&#8220;40px&#8220;][vc_column_text]<\/p>\n<h2><\/h2>\n<h4>entschleunigtes Leben<\/h4>\n<h4><\/h4>\n<p>[\/vc_column_text][vc_empty_space height=&#8220;20px&#8220;][vc_column_text]Wir glauben, dass Reisen au\u00dfergew\u00f6hnlich und lebensver\u00e4ndernd sein kann, wenn man sich mit dem Ort selbst verbinden kann. In diesem Sinne wurden unsere Trulli so konzipiert, dass sie sich harmonisch in die umliegende Landschaft einf\u00fcgen. Sie laden dazu ein, nicht nur kulturelle, sondern auch emotionale und spirituelle Verbindungen zu einem Ort aufzubauen. Die Orte, die wir bereisen, bereichern unser Leben und k\u00f6nnen sich positiv auf unseren Umgang mit der Welt und den Menschen darin auswirken. Es ist unser Wunsch, dass unsere G\u00e4ste sch\u00f6ne Erinnerungen an Trulli di Maya mit nach Hause nehmen.[\/vc_column_text][vc_empty_space height=&#8220;40px&#8220;][vc_single_image image=&#8220;7088&#8243; img_size=&#8220;full&#8220; alignment=&#8220;center&#8220; qode_css_animation=&#8220;&#8220;][vc_empty_space height=&#8220;80px&#8220;][\/vc_column][\/vc_row][vc_row css_animation=&#8220;&#8220; row_type=&#8220;row&#8220; use_row_as_full_screen_section=&#8220;no&#8220; type=&#8220;grid&#8220; angled_section=&#8220;no&#8220; text_align=&#8220;left&#8220; background_image_as_pattern=&#8220;without_pattern&#8220; z_index=&#8220;&#8220; css=&#8220;.vc_custom_1558355693871{margin-right: px !important;margin-left: px !important;}&#8220;][vc_column][vc_column_text]<\/p>\n<h2><\/h2>\n<h4>Zuhause<\/h4>\n<h4><\/h4>\n<p>[\/vc_column_text][vc_empty_space height=&#8220;20px&#8220;][vc_column_text]Wir hatten schon immer das Bed\u00fcrfnis, Reisenden ein Zuhause fernab der Heimat zu bieten, anstatt nur ein Dach \u00fcber dem Kopf. Auf Reisen erm\u00f6glicht ein herzlicher Empfang in einem Raum, dass Fremdheit oder Entfremdung schwinden und sich ein Gef\u00fchl von Geborgenheit und Leichtigkeit einstellt. Zuhause beruht auf den einfachsten Dingen: der W\u00e4rme der Materialien, dem Duft der Kr\u00e4uter im Garten, der Erinnerung an Freude, einem Blick in den Garten und der stillen Ruhe eines Zimmers. Diese Tradition, Reisende in seinem Zuhause willkommen zu hei\u00dfen, stammt von unseren Vorfahren. Bis heute ist unsere Vision in diesem herzlichen Empfang verwurzelt.[\/vc_column_text][vc_empty_space height=&#8220;40px&#8220;][vc_single_image image=&#8220;6918&#8243; img_size=&#8220;full&#8220; alignment=&#8220;center&#8220; qode_css_animation=&#8220;&#8220;][\/vc_column][\/vc_row][vc_row css_animation=&#8220;&#8220; row_type=&#8220;row&#8220; use_row_as_full_screen_section=&#8220;no&#8220; type=&#8220;grid&#8220; angled_section=&#8220;no&#8220; text_align=&#8220;left&#8220; background_image_as_pattern=&#8220;without_pattern&#8220; z_index=&#8220;&#8220; css=&#8220;.vc_custom_1558355693871{margin-right: px !important;margin-left: px !important;}&#8220;][vc_column][vc_empty_space height=&#8220;40px&#8220;][vc_column_text]<\/p>\n<h2><\/h2>\n<h4>Erinnerung<\/h4>\n<h4><\/h4>\n<p>[\/vc_column_text][vc_empty_space height=&#8220;20px&#8220;][vc_column_text]Die italienische Kultur spiegelt sich stark in ihrer Architektur wider. Um die Erinnerung an die apulische Geschichte und unsere unterschiedlichen Urspr\u00fcnge, die in Sizilien, den Niederlanden, Griechenland und Indonesien verwurzelt sind, zu ehren, haben wir sie durch die strukturellen Elemente und das Design verewigt. Jeder unserer Trulli erz\u00e4hlt eine Geschichte aus unserer Kultur und aus der Landschaft, in der er sich befindet. Durch die Neuerfindung von Stilen, Details und Lebensweisen k\u00f6nnen wir Vergangenheit, Gegenwart und Zukunft miteinander verbinden. Dar\u00fcber hinaus wird die Seele durch die Anregung der Sinne an Verbundenheit und Geborgenheit erinnert. Erinnerung wird nicht nur durch Raum und Ort hervorgerufen, sondern auch durch vertraute Geschm\u00e4cker, Ger\u00fcche und Ger\u00e4usche.[\/vc_column_text][vc_empty_space height=&#8220;20px&#8220;][vc_single_image image=&#8220;6926&#8243; img_size=&#8220;full&#8220; alignment=&#8220;center&#8220; qode_css_animation=&#8220;&#8220;][\/vc_column][\/vc_row][vc_row css_animation=&#8220;&#8220; row_type=&#8220;row&#8220; use_row_as_full_screen_section=&#8220;no&#8220; type=&#8220;grid&#8220; angled_section=&#8220;no&#8220; text_align=&#8220;left&#8220; background_image_as_pattern=&#8220;without_pattern&#8220; z_index=&#8220;&#8220; css=&#8220;.vc_custom_1558355693871{margin-right: px !important;margin-left: px !important;}&#8220;][vc_column][vc_empty_space height=&#8220;40px&#8220;][vc_column_text]<\/p>\n<h2><\/h2>\n<h4>Einfachheit<\/h4>\n<h4><\/h4>\n<p>[\/vc_column_text][vc_empty_space height=&#8220;20px&#8220;][vc_column_text]<\/p>\n<div class=\"vc_row wpb_row section vc_row-fluid vc_custom_1558355693871 grid_section\">\n<div class=\" section_inner clearfix\">\n<div class=\"section_inner_margin clearfix\">\n<div class=\"wpb_column vc_column_container vc_col-sm-12\">\n<div class=\"vc_column-inner\">\n<div class=\"wpb_wrapper\">\n<div class=\"wpb_text_column wpb_content_element \">\n<div class=\"wpb_wrapper\">\n<p>Weniger zu haben bedeutet, mehr zu leben. Wir glauben, dass G\u00e4ste durch die Reduzierung oberfl\u00e4chlicher und \u00fcberfl\u00fcssiger Dinge leichter zur Ruhe kommen und entspannen k\u00f6nnen. Sch\u00f6nheit, wie sie sich in der Natur widerspiegelt, beruht auf dem Wesentlichen. Wenn man eng mit der Natur lebt, erf\u00e4hrt man die Zerbrechlichkeit des Lebens, die rohe Sch\u00f6nheit, das Gl\u00fcck und die Leichtigkeit sowie ihre Unvollkommenheiten. Hier wurde jedes Detail sorgf\u00e4ltig entworfen und jedes Objekt \u00fcber zwanzig Jahre hinweg gesammelt.    <\/p>\n<\/div>\n<\/div>\n<\/div>\n<\/div>\n<\/div>\n<\/div>\n<\/div>\n<\/div>\n<div class=\"vc_row wpb_row section vc_row-fluid grid_section\">\n<div class=\" section_inner clearfix\">\n<div class=\"section_inner_margin clearfix\">\n<div class=\"wpb_column vc_column_container vc_col-sm-12\">\n<div class=\"vc_column-inner\">\n<div class=\"wpb_wrapper\">\n<p class=\"vc_empty_space\">\n<\/div>\n<\/div>\n<\/div>\n<\/div>\n<\/div>\n<\/div>\n<p>[\/vc_column_text][vc_empty_space height=&#8220;20px&#8220;][vc_single_image image=&#8220;6921&#8243; img_size=&#8220;full&#8220; alignment=&#8220;center&#8220; qode_css_animation=&#8220;&#8220;][\/vc_column][\/vc_row][vc_row css_animation=&#8220;&#8220; row_type=&#8220;row&#8220; use_row_as_full_screen_section=&#8220;no&#8220; type=&#8220;grid&#8220; angled_section=&#8220;no&#8220; text_align=&#8220;left&#8220; background_image_as_pattern=&#8220;without_pattern&#8220; z_index=&#8220;&#8220; css=&#8220;.vc_custom_1558355693871{margin-right: px !important;margin-left: px !important;}&#8220;][vc_column][vc_empty_space height=&#8220;40px&#8220;][vc_column_text]<\/p>\n<h2><\/h2>\n<h4>Natur<\/h4>\n<h4><\/h4>\n<p>[\/vc_column_text][vc_empty_space height=&#8220;20px&#8220;][vc_column_text]Die Verbindung mit Fauna und Flora stellt einen wesentlichen Bestandteil des Lebens in den Trulli dar, da sie den G\u00e4sten erm\u00f6glicht, sich von ihrem anstrengenden und schnelllebigen Lebensstil zu l\u00f6sen und die Ruhe, Gelassenheit und den Frieden zu genie\u00dfen, die aus der Verbindung mit der Natur entstehen.[\/vc_column_text][vc_empty_space height=&#8220;20px&#8220;][vc_single_image image=&#8220;6999&#8243; img_size=&#8220;full&#8220; alignment=&#8220;center&#8220; qode_css_animation=&#8220;&#8220;][\/vc_column][\/vc_row][vc_row css_animation=&#8220;&#8220; row_type=&#8220;row&#8220; use_row_as_full_screen_section=&#8220;no&#8220; type=&#8220;grid&#8220; angled_section=&#8220;no&#8220; text_align=&#8220;left&#8220; background_image_as_pattern=&#8220;without_pattern&#8220; z_index=&#8220;&#8220; css=&#8220;.vc_custom_1558355693871{margin-right: px !important;margin-left: px !important;}&#8220;][vc_column][vc_empty_space height=&#8220;40px&#8220;][vc_column_text]<\/p>\n<h2><\/h2>\n<h4>Material<\/h4>\n<h4><\/h4>\n<p>[\/vc_column_text][vc_empty_space height=&#8220;20px&#8220;][vc_column_text]Die Identit\u00e4t dieses Ortes dr\u00fcckt sich in einer Architektursprache aus, die auf einer spezifischen Auswahl von Materialien und Anwendungstechniken beruht. Um die Verbindung zwischen den Trulli und ihrer Umgebung zu gew\u00e4hrleisten, haben wir traditionelle Materialien gew\u00e4hlt, die das Geb\u00e4ude mit der Geschichte des Ortes verbinden k\u00f6nnen.[\/vc_column_text][vc_empty_space height=&#8220;20px&#8220;][vc_single_image image=&#8220;7087&#8243; img_size=&#8220;full&#8220; alignment=&#8220;center&#8220; qode_css_animation=&#8220;&#8220;][\/vc_column][\/vc_row][vc_row css_animation=&#8220;&#8220; row_type=&#8220;row&#8220; use_row_as_full_screen_section=&#8220;no&#8220; type=&#8220;grid&#8220; angled_section=&#8220;no&#8220; text_align=&#8220;left&#8220; background_image_as_pattern=&#8220;without_pattern&#8220; z_index=&#8220;&#8220;][vc_column][vc_empty_space height=&#8220;40px&#8220;][vc_column_text]<\/p>\n<h2><\/h2>\n<h4>unser Land<\/h4>\n<h4><\/h4>\n<p>[\/vc_column_text][vc_empty_space height=&#8220;20px&#8220;][vc_column_text]Wir befinden uns im Herzen des Itria-Tals, wo jahrhundertealte Olivenb\u00e4ume, Mandelb\u00e4ume und Trockenmauern eine bezaubernde Landschaft bilden, die von verstreuten Trulli-Ansammlungen durchzogen ist.[\/vc_column_text][vc_empty_space height=&#8220;20px&#8220;][vc_single_image image=&#8220;1065&#8243; img_size=&#8220;full&#8220; alignment=&#8220;center&#8220; qode_css_animation=&#8220;&#8220;][\/vc_column][\/vc_row][vc_row css_animation=&#8220;&#8220; row_type=&#8220;row&#8220; use_row_as_full_screen_section=&#8220;no&#8220; type=&#8220;full_width&#8220; angled_section=&#8220;no&#8220; text_align=&#8220;left&#8220; background_image_as_pattern=&#8220;without_pattern&#8220;][vc_column][vc_empty_space height=&#8220;100px&#8220;][\/vc_column][\/vc_row][vc_row css_animation=&#8220;&#8220; row_type=&#8220;row&#8220; use_row_as_full_screen_section=&#8220;no&#8220; type=&#8220;full_width&#8220; angled_section=&#8220;no&#8220; text_align=&#8220;left&#8220; background_image_as_pattern=&#8220;without_pattern&#8220;][vc_column][vc_column_text]<\/p>\n<h5 style=\"text-align: center;\"><img decoding=\"async\" class=\"alignnone wp-image-1128\" style=\"vertical-align: middle;\" src=\"https:\/\/www.trullidimaya.com\/wp-content\/uploads\/2020\/03\/punto.jpg\" alt=\"\" width=\"19\" height=\"19\">       <a href=\"https:\/\/www.facebook.com\/mayadutuni\" target=\"_blank\" rel=\"noopener noreferrer\">FACEBOOK<\/a>       <a href=\"https:\/\/www.instagram.com\/trullidimaya\/\" target=\"_blank\" rel=\"noopener noreferrer\">INSTAGRAM<\/a>      <a href=\"https:\/\/www.trullidimaya.com\/it\/term-and-conditions\/\">AGB <\/a> DATENSCHUTZBESTIMMUNGEN FAQ<\/h5>\n<p>[\/vc_column_text][vc_empty_space height=&#8220;100px&#8220;][\/vc_column][\/vc_row]<\/p>\n<\/div>","protected":false},"excerpt":{"rendered":"<p>[vc_row css_animation=&#8220;&#8220; row_type=&#8220;row&#8220; use_row_as_full_screen_section=&#8220;no&#8220; type=&#8220;grid&#8220; angled_section=&#8220;no&#8220; text_align=&#8220;left&#8220; background_image_as_pattern=&#8220;without_pattern&#8220; z_index=&#8220;&#8220; css=&#8220;.vc_custom_1558355693871{margin-right: px !important;margin-left: px !important;}&#8220;][vc_column][vc_empty_space height=&#8220;40px&#8220;][vc_single_image image=&#8220;7089&#8243; img_size=&#8220;full&#8220; alignment=&#8220;center&#8220; qode_css_animation=&#8220;&#8220;][vc_empty_space height=&#8220;40px&#8220;][vc_column_text] entschleunigtes Leben [\/vc_column_text][vc_empty_space height=&#8220;20px&#8220;][vc_column_text]Wir glauben, dass Reisen au\u00dfergew\u00f6hnlich und lebensver\u00e4ndernd sein kann, wenn man sich mit dem Ort selbst verbinden kann. In diesem Sinne wurden&#8230;<\/p>\n","protected":false},"author":1,"featured_media":0,"parent":0,"menu_order":0,"comment_status":"closed","ping_status":"closed","template":"","meta":{"footnotes":""},"class_list":["post-7069","page","type-page","status-publish","hentry"],"yoast_head":"<!-- This site is optimized with the Yoast SEO plugin v27.1.1 - https:\/\/yoast.com\/product\/yoast-seo-wordpress\/ -->\n<title>DER GARTEN DER SEELE - Trulli di Maya<\/title>\n<meta name=\"robots\" content=\"index, follow, max-snippet:-1, max-image-preview:large, max-video-preview:-1\" \/>\n<link rel=\"canonical\" href=\"https:\/\/www.trullidimaya.com\/de\/der-garten-der-seele\/\" \/>\n<meta property=\"og:locale\" content=\"de_DE\" \/>\n<meta property=\"og:type\" content=\"article\" \/>\n<meta property=\"og:title\" content=\"DER GARTEN DER SEELE - Trulli di Maya\" \/>\n<meta property=\"og:description\" content=\"[vc_row css_animation=&#8220;&#8220; row_type=&#8220;row&#8220; use_row_as_full_screen_section=&#8220;no&#8220; type=&#8220;grid&#8220; angled_section=&#8220;no&#8220; text_align=&#8220;left&#8220; background_image_as_pattern=&#8220;without_pattern&#8220; z_index=&#8220;&#8220; css=&#8220;.vc_custom_1558355693871{margin-right: px !important;margin-left: px !important;}&#8220;][vc_column][vc_empty_space height=&#8220;40px&#8220;][vc_single_image image=&#8220;7089&#8243; img_size=&#8220;full&#8220; alignment=&#8220;center&#8220; qode_css_animation=&#8220;&#8220;][vc_empty_space height=&#8220;40px&#8220;][vc_column_text] entschleunigtes Leben [\/vc_column_text][vc_empty_space height=&#8220;20px&#8220;][vc_column_text]Wir glauben, dass Reisen au\u00dfergew\u00f6hnlich und lebensver\u00e4ndernd sein kann, wenn man sich mit dem Ort selbst verbinden kann. In diesem Sinne wurden...\" \/>\n<meta property=\"og:url\" content=\"https:\/\/www.trullidimaya.com\/de\/der-garten-der-seele\/\" \/>\n<meta property=\"og:site_name\" content=\"Trulli di Maya\" \/>\n<meta property=\"article:modified_time\" content=\"2026-03-13T14:43:41+00:00\" \/>\n<meta property=\"og:image\" content=\"https:\/\/www.trullidimaya.com\/wp-content\/uploads\/2020\/03\/punto.jpg\" \/>\n\t<meta property=\"og:image:width\" content=\"58\" \/>\n\t<meta property=\"og:image:height\" content=\"56\" \/>\n\t<meta property=\"og:image:type\" content=\"image\/jpeg\" \/>\n<meta name=\"twitter:card\" content=\"summary_large_image\" \/>\n<meta name=\"twitter:label1\" content=\"Gesch\u00e4tzte Lesezeit\" \/>\n\t<meta name=\"twitter:data1\" content=\"6\u00a0Minuten\" \/>\n<script type=\"application\/ld+json\" class=\"yoast-schema-graph\">{\"@context\":\"https:\/\/schema.org\",\"@graph\":[{\"@type\":\"WebPage\",\"@id\":\"https:\/\/www.trullidimaya.com\/de\/der-garten-der-seele\/\",\"url\":\"https:\/\/www.trullidimaya.com\/de\/der-garten-der-seele\/\",\"name\":\"DER GARTEN DER SEELE - Trulli di Maya\",\"isPartOf\":{\"@id\":\"https:\/\/www.trullidimaya.com\/de\/#website\"},\"primaryImageOfPage\":{\"@id\":\"https:\/\/www.trullidimaya.com\/de\/der-garten-der-seele\/#primaryimage\"},\"image\":{\"@id\":\"https:\/\/www.trullidimaya.com\/de\/der-garten-der-seele\/#primaryimage\"},\"thumbnailUrl\":\"https:\/\/www.trullidimaya.com\/wp-content\/uploads\/2020\/03\/punto.jpg\",\"datePublished\":\"2026-03-13T14:43:39+00:00\",\"dateModified\":\"2026-03-13T14:43:41+00:00\",\"breadcrumb\":{\"@id\":\"https:\/\/www.trullidimaya.com\/de\/der-garten-der-seele\/#breadcrumb\"},\"inLanguage\":\"de\",\"potentialAction\":[{\"@type\":\"ReadAction\",\"target\":[\"https:\/\/www.trullidimaya.com\/de\/der-garten-der-seele\/\"]}]},{\"@type\":\"ImageObject\",\"inLanguage\":\"de\",\"@id\":\"https:\/\/www.trullidimaya.com\/de\/der-garten-der-seele\/#primaryimage\",\"url\":\"https:\/\/www.trullidimaya.com\/wp-content\/uploads\/2020\/03\/punto.jpg\",\"contentUrl\":\"https:\/\/www.trullidimaya.com\/wp-content\/uploads\/2020\/03\/punto.jpg\"},{\"@type\":\"BreadcrumbList\",\"@id\":\"https:\/\/www.trullidimaya.com\/de\/der-garten-der-seele\/#breadcrumb\",\"itemListElement\":[{\"@type\":\"ListItem\",\"position\":1,\"name\":\"Home\",\"item\":\"https:\/\/www.trullidimaya.com\/de\/\"},{\"@type\":\"ListItem\",\"position\":2,\"name\":\"DER GARTEN DER SEELE\"}]},{\"@type\":\"WebSite\",\"@id\":\"https:\/\/www.trullidimaya.com\/de\/#website\",\"url\":\"https:\/\/www.trullidimaya.com\/de\/\",\"name\":\"Trulli di Maya\",\"description\":\"Il giardino dell\u2019anima\",\"potentialAction\":[{\"@type\":\"SearchAction\",\"target\":{\"@type\":\"EntryPoint\",\"urlTemplate\":\"https:\/\/www.trullidimaya.com\/de\/?s={search_term_string}\"},\"query-input\":{\"@type\":\"PropertyValueSpecification\",\"valueRequired\":true,\"valueName\":\"search_term_string\"}}],\"inLanguage\":\"de\"}]}<\/script>\n<!-- \/ Yoast SEO plugin. -->","yoast_head_json":{"title":"DER GARTEN DER SEELE - Trulli di Maya","robots":{"index":"index","follow":"follow","max-snippet":"max-snippet:-1","max-image-preview":"max-image-preview:large","max-video-preview":"max-video-preview:-1"},"canonical":"https:\/\/www.trullidimaya.com\/de\/der-garten-der-seele\/","og_locale":"de_DE","og_type":"article","og_title":"DER GARTEN DER SEELE - Trulli di Maya","og_description":"[vc_row css_animation=&#8220;&#8220; row_type=&#8220;row&#8220; use_row_as_full_screen_section=&#8220;no&#8220; type=&#8220;grid&#8220; angled_section=&#8220;no&#8220; text_align=&#8220;left&#8220; background_image_as_pattern=&#8220;without_pattern&#8220; z_index=&#8220;&#8220; css=&#8220;.vc_custom_1558355693871{margin-right: px !important;margin-left: px !important;}&#8220;][vc_column][vc_empty_space height=&#8220;40px&#8220;][vc_single_image image=&#8220;7089&#8243; img_size=&#8220;full&#8220; alignment=&#8220;center&#8220; qode_css_animation=&#8220;&#8220;][vc_empty_space height=&#8220;40px&#8220;][vc_column_text] entschleunigtes Leben [\/vc_column_text][vc_empty_space height=&#8220;20px&#8220;][vc_column_text]Wir glauben, dass Reisen au\u00dfergew\u00f6hnlich und lebensver\u00e4ndernd sein kann, wenn man sich mit dem Ort selbst verbinden kann. In diesem Sinne wurden...","og_url":"https:\/\/www.trullidimaya.com\/de\/der-garten-der-seele\/","og_site_name":"Trulli di Maya","article_modified_time":"2026-03-13T14:43:41+00:00","og_image":[{"width":58,"height":56,"url":"https:\/\/www.trullidimaya.com\/wp-content\/uploads\/2020\/03\/punto.jpg","type":"image\/jpeg"}],"twitter_card":"summary_large_image","twitter_misc":{"Gesch\u00e4tzte Lesezeit":"6\u00a0Minuten"},"schema":{"@context":"https:\/\/schema.org","@graph":[{"@type":"WebPage","@id":"https:\/\/www.trullidimaya.com\/de\/der-garten-der-seele\/","url":"https:\/\/www.trullidimaya.com\/de\/der-garten-der-seele\/","name":"DER GARTEN DER SEELE - Trulli di Maya","isPartOf":{"@id":"https:\/\/www.trullidimaya.com\/de\/#website"},"primaryImageOfPage":{"@id":"https:\/\/www.trullidimaya.com\/de\/der-garten-der-seele\/#primaryimage"},"image":{"@id":"https:\/\/www.trullidimaya.com\/de\/der-garten-der-seele\/#primaryimage"},"thumbnailUrl":"https:\/\/www.trullidimaya.com\/wp-content\/uploads\/2020\/03\/punto.jpg","datePublished":"2026-03-13T14:43:39+00:00","dateModified":"2026-03-13T14:43:41+00:00","breadcrumb":{"@id":"https:\/\/www.trullidimaya.com\/de\/der-garten-der-seele\/#breadcrumb"},"inLanguage":"de","potentialAction":[{"@type":"ReadAction","target":["https:\/\/www.trullidimaya.com\/de\/der-garten-der-seele\/"]}]},{"@type":"ImageObject","inLanguage":"de","@id":"https:\/\/www.trullidimaya.com\/de\/der-garten-der-seele\/#primaryimage","url":"https:\/\/www.trullidimaya.com\/wp-content\/uploads\/2020\/03\/punto.jpg","contentUrl":"https:\/\/www.trullidimaya.com\/wp-content\/uploads\/2020\/03\/punto.jpg"},{"@type":"BreadcrumbList","@id":"https:\/\/www.trullidimaya.com\/de\/der-garten-der-seele\/#breadcrumb","itemListElement":[{"@type":"ListItem","position":1,"name":"Home","item":"https:\/\/www.trullidimaya.com\/de\/"},{"@type":"ListItem","position":2,"name":"DER GARTEN DER SEELE"}]},{"@type":"WebSite","@id":"https:\/\/www.trullidimaya.com\/de\/#website","url":"https:\/\/www.trullidimaya.com\/de\/","name":"Trulli di Maya","description":"Il giardino dell\u2019anima","potentialAction":[{"@type":"SearchAction","target":{"@type":"EntryPoint","urlTemplate":"https:\/\/www.trullidimaya.com\/de\/?s={search_term_string}"},"query-input":{"@type":"PropertyValueSpecification","valueRequired":true,"valueName":"search_term_string"}}],"inLanguage":"de"}]}},"_links":{"self":[{"href":"https:\/\/www.trullidimaya.com\/de\/wp-json\/wp\/v2\/pages\/7069","targetHints":{"allow":["GET"]}}],"collection":[{"href":"https:\/\/www.trullidimaya.com\/de\/wp-json\/wp\/v2\/pages"}],"about":[{"href":"https:\/\/www.trullidimaya.com\/de\/wp-json\/wp\/v2\/types\/page"}],"author":[{"embeddable":true,"href":"https:\/\/www.trullidimaya.com\/de\/wp-json\/wp\/v2\/users\/1"}],"replies":[{"embeddable":true,"href":"https:\/\/www.trullidimaya.com\/de\/wp-json\/wp\/v2\/comments?post=7069"}],"version-history":[{"count":3,"href":"https:\/\/www.trullidimaya.com\/de\/wp-json\/wp\/v2\/pages\/7069\/revisions"}],"predecessor-version":[{"id":7092,"href":"https:\/\/www.trullidimaya.com\/de\/wp-json\/wp\/v2\/pages\/7069\/revisions\/7092"}],"wp:attachment":[{"href":"https:\/\/www.trullidimaya.com\/de\/wp-json\/wp\/v2\/media?parent=7069"}],"curies":[{"name":"wp","href":"https:\/\/api.w.org\/{rel}","templated":true}]}}